{"id":554,"date":"2022-08-30T12:06:03","date_gmt":"2022-08-30T10:06:03","guid":{"rendered":"http:\/\/relaunch.g11-baden-baden.de\/zahnarzt-baden-baden\/?page_id=554"},"modified":"2022-09-06T17:19:41","modified_gmt":"2022-09-06T15:19:41","slug":"angstfrei-zum-zahnarzt","status":"publish","type":"page","link":"https:\/\/www.g11-baden-baden.de\/zahnarzt-baden-baden\/angstfrei-zum-zahnarzt\/","title":{"rendered":"Angstfrei zum Zahnarzt"},"content":{"rendered":"\n\t<section class=\"section dark\" id=\"section_2095474199\">\n\t\t<div class=\"section-bg fill\" >\n\t\t\t\t\t\t\t\t\t\n\t\t\t\n\n\t\t<\/div>\n\n\t\t\n\n\t\t<div class=\"section-content relative\">\n\t\t\t\n<div class=\"row align-bottom align-center\" style=\"max-width:1200px\" id=\"row-1831276553\">\n\n\t<div id=\"col-1632383306\" class=\"col medium-12 small-12 large-6\"  >\n\t\t\t\t<div class=\"col-inner text-center\"  >\n\t\t\t\n\t\t\t\n\t<div id=\"text-3922289693\" class=\"text\">\n\t\t\n<p><strong>WIR SIND F\u00dcR SIE DA<\/strong><\/p>\n\t\t\n<style>\n#text-3922289693 {\n  font-size: 0.75rem;\n  text-align: center;\n}\n@media (min-width:550px) {\n  #text-3922289693 {\n    font-size: 1.1rem;\n  }\n}\n<\/style>\n\t<\/div>\n\t\n\t<div id=\"text-1828994313\" class=\"text\">\n\t\t\n<h1>Angstfrei zum Zahnarzt<\/h1>\n\t\t\n<style>\n#text-1828994313 {\n  font-size: 1rem;\n}\n@media (min-width:550px) {\n  #text-1828994313 {\n    font-size: 1.5rem;\n  }\n}\n<\/style>\n\t<\/div>\n\t\n\t\t<\/div>\n\t\t\t\t\t<\/div>\n\n\t\n<\/div>\n\t\t<\/div>\n\n\t\t\n<style>\n#section_2095474199 {\n  padding-top: 80px;\n  padding-bottom: 80px;\n  background-color: rgb(161, 149, 143);\n}\n<\/style>\n\t<\/section>\n\t\n\n\t<section class=\"section\" id=\"section_17657590\">\n\t\t<div class=\"section-bg fill\" >\n\t\t\t\t\t\t\t\t\t\n\t\t\t\n\n\t\t<\/div>\n\n\t\t\n\n\t\t<div class=\"section-content relative\">\n\t\t\t\n\t<div id=\"gap-1259553618\" class=\"gap-element clearfix\" style=\"display:block; height:auto;\">\n\t\t\n<style>\n#gap-1259553618 {\n  padding-top: 80px;\n}\n<\/style>\n\t<\/div>\n\t\n<div class=\"row align-middle align-center\"  id=\"row-1260236737\">\n\n\t<div id=\"col-925582855\" class=\"col small-12 large-12\"  >\n\t\t\t\t<div class=\"col-inner\"  >\n\t\t\t\n\t\t\t\n<p>Keiner geht gerne zum Zahnarzt. Angst zu haben ist vollkommen normal, denn der Mund ist unser intimster Bereich. Sich Sorgen vor dem Termin zu machen ist eher die Regel als die Ausnahme. Deswegen haben wir ein Besprechungsraum eingerichtet, ohne einen Zahnarztstuhl. Erz\u00e4hlen Sie uns offen von Ihren \u00c4ngsten oder Bedenken in einer entspannten Atmosph\u00e4re. Wir h\u00f6ren gut zu und gemeinsam finden wir eine L\u00f6sung f\u00fcr Ihr Problem. <br \/>Die erste Methode die wir h\u00e4ufig und sehr erfolgreich anwenden ist Lachgas. Durch das Lachgas verliert man die Angst, aber nicht das Bewusstsein. Man ist jederzeit Herr der Lage, die Zeit vergeht wie im Nu.<br \/>Man ist kurze Zeit sp\u00e4ter wieder fahrt\u00fcchtig, nat\u00fcrlich erst wenn die Bet\u00e4ubung nicht mehr wirkt, und kann weitere Termine am Tag wahrnehmen.<br \/>Eine zus\u00e4tzliche Methode kommt zur Anwendung bei besonders \u00e4ngstlichen Patienten und das ist die Kombination von Lachgas mit Medikamenten zu Entspannung vor Operationen. Danach ist man nicht mehr fahrt\u00fcchtig an dem Tag und man braucht eine Begleitperson f\u00fcr die Abholung und Betreuung danach.<\/p>\n\t\t<\/div>\n\t\t\t\t\t<\/div>\n\n\t\n<\/div>\n\t<div id=\"gap-1805575194\" class=\"gap-element clearfix hide-for-small\" style=\"display:block; height:auto;\">\n\t\t\n<style>\n#gap-1805575194 {\n  padding-top: 20px;\n}\n<\/style>\n\t<\/div>\n\t\n\t\t<\/div>\n\n\t\t\n<style>\n#section_17657590 {\n  padding-top: 30px;\n  padding-bottom: 30px;\n}\n<\/style>\n\t<\/section>\n\t\n\t<div id=\"gap-714236161\" class=\"gap-element clearfix\" style=\"display:block; height:auto;\">\n\t\t\n<style>\n#gap-714236161 {\n  padding-top: 30px;\n}\n<\/style>\n\t<\/div>\n\t\n\n\t<section class=\"section dark show-for-small\" id=\"section_1645174630\">\n\t\t<div class=\"section-bg fill\" >\n\t\t\t\t\t\t\t\t\t\n\t\t\t\n\n\t\t<\/div>\n\n\t\t\n\n\t\t<div class=\"section-content relative\">\n\t\t\t\n<div class=\"row\"  id=\"row-1381538237\">\n\n\t<div id=\"col-1326496052\" class=\"col small-12 large-12\"  >\n\t\t\t\t<div class=\"col-inner text-center\"  >\n\t\t\t\n\t\t\t\n\t<div id=\"text-2115476634\" class=\"text textblau\">\n\t\t\n<h3 data-fontsize=\"52\" data-lineheight=\"62.4px\">Kontaktieren Sie uns!<\/h3>\n\t\t\n<style>\n#text-2115476634 {\n  font-size: 1.5rem;\n  text-align: center;\n}\n<\/style>\n\t<\/div>\n\t\n\t<div class=\"img has-hover x md-x lg-x y md-y lg-y\" id=\"image_752807583\">\n\t\t\t\t\t\t\t\t<div class=\"img-inner dark\" >\n\t\t\t<img loading=\"lazy\" decoding=\"async\" width=\"200\" height=\"200\" src=\"https:\/\/www.g11-baden-baden.de\/wp-content\/uploads\/2022\/08\/pfeil-g11.png\" class=\"attachment-large size-large\" alt=\"Zahnarzt Baden-Baden\" \/>\t\t\t\t\t\t\n\t\t\t\t\t<\/div>\n\t\t\t\t\t\t\t\t\n<style>\n#image_752807583 {\n  width: 6%;\n}\n<\/style>\n\t<\/div>\n\t\n\t\t<\/div>\n\t\t\t\t\n<style>\n#col-1326496052 > .col-inner {\n  padding: 61px 20px 0px 20px;\n}\n@media (min-width:550px) {\n  #col-1326496052 > .col-inner {\n    padding: 61px 0px 0px 0px;\n  }\n}\n<\/style>\n\t<\/div>\n\n\t\n<\/div>\n<div class=\"row align-equal align-center\"  id=\"row-1833880031\">\n\n\t<div id=\"col-1536422400\" class=\"col medium-6 small-12 large-6\"  >\n\t\t\t\t<div class=\"col-inner text-center\"  >\n\t\t\t\n\t\t\t\n\t<div id=\"text-293548287\" class=\"text\">\n\t\t\n<p><button class=\"button white is-outline\" onclick=\"javascript:toggleDrFlexAppointments()\">Termin vereinbaren<\/button><\/p>\n\t\t\n<style>\n#text-293548287 {\n  text-align: center;\n}\n<\/style>\n\t<\/div>\n\t\n\t\t<\/div>\n\t\t\t\t\t<\/div>\n\n\t\n<\/div>\n\t\t<\/div>\n\n\t\t\n<style>\n#section_1645174630 {\n  padding-top: 64px;\n  padding-bottom: 64px;\n  background-color: #8e847d;\n}\n<\/style>\n\t<\/section>\n\t\n\n\t<section class=\"section blaubanner dark hide-for-small\" id=\"section_1615431840\">\n\t\t<div class=\"section-bg fill\" >\n\t\t\t\t\t\t\t\t\t\n\t\t\t\n\n\t\t<\/div>\n\n\t\t\n\n\t\t<div class=\"section-content relative\">\n\t\t\t\n<div class=\"row\"  id=\"row-362292158\">\n\n\t<div id=\"col-581468398\" class=\"col blaucolumn small-12 large-12\"  >\n\t\t\t\t<div class=\"col-inner text-center\"  >\n\t\t\t\n\t\t\t\n\t<div id=\"text-455012886\" class=\"text textblau\">\n\t\t\n<h3 data-fontsize=\"52\" data-lineheight=\"62.4px\">Kontaktieren Sie uns!<\/h3>\n\t\t\n<style>\n#text-455012886 {\n  font-size: 1.5rem;\n  text-align: center;\n}\n<\/style>\n\t<\/div>\n\t\n\t<div class=\"img has-hover x md-x lg-x y md-y lg-y\" id=\"image_1141580285\">\n\t\t\t\t\t\t\t\t<div class=\"img-inner dark\" >\n\t\t\t<img loading=\"lazy\" decoding=\"async\" width=\"200\" height=\"200\" src=\"https:\/\/www.g11-baden-baden.de\/wp-content\/uploads\/2022\/08\/pfeil-g11.png\" class=\"attachment-large size-large\" alt=\"Zahnarzt Baden-Baden\" \/>\t\t\t\t\t\t\n\t\t\t\t\t<\/div>\n\t\t\t\t\t\t\t\t\n<style>\n#image_1141580285 {\n  width: 6%;\n}\n<\/style>\n\t<\/div>\n\t\n\t\t<\/div>\n\t\t\t\t\n<style>\n#col-581468398 > .col-inner {\n  padding: 61px 20px 0px 20px;\n}\n@media (min-width:550px) {\n  #col-581468398 > .col-inner {\n    padding: 61px 0px 0px 0px;\n  }\n}\n<\/style>\n\t<\/div>\n\n\t\n<\/div>\n<div class=\"row align-equal align-center\"  id=\"row-600242705\">\n\n\t<div id=\"col-227960670\" class=\"col blaucolumn medium-6 small-12 large-6\"  >\n\t\t\t\t<div class=\"col-inner text-center\"  >\n\t\t\t\n\t\t\t\n\t<div id=\"text-1613493401\" class=\"text\">\n\t\t\n<p><button class=\"button white is-outline\" onclick=\"javascript:toggleDrFlexAppointments()\">Termin vereinbaren<\/button><\/p>\n\t\t\n<style>\n#text-1613493401 {\n  text-align: center;\n}\n<\/style>\n\t<\/div>\n\t\n\t\t<\/div>\n\t\t\t\t\t<\/div>\n\n\t\n<\/div>\n\t\t<\/div>\n\n\t\t\n<style>\n#section_1615431840 {\n  padding-top: 64px;\n  padding-bottom: 64px;\n  background-color: #8e847d;\n}\n<\/style>\n\t<\/section>\n\t\n\n\t<section class=\"section\" id=\"section_562376525\">\n\t\t<div class=\"section-bg fill\" >\n\t\t\t\t\t\t\t\t\t\n\t\t\t\n\n\t\t<\/div>\n\n\t\t\n\n\t\t<div class=\"section-content relative\">\n\t\t\t\n<div class=\"row row-large align-center\"  id=\"row-1251693294\">\n\n\t<div id=\"col-364942665\" class=\"col medium-9 small-12 large-9\"  >\n\t\t\t\t<div class=\"col-inner text-center\"  >\n\t\t\t\n\t\t\t\n\t<div id=\"text-2845629513\" class=\"text\">\n\t\t\n<h4 class=\"uppercase\" style=\"text-align: center;\">H\u00e4ufige gestellte Fragen | FAQ<\/h4>\n\t\t\n<style>\n#text-2845629513 {\n  text-align: left;\n}\n@media (min-width:550px) {\n  #text-2845629513 {\n    text-align: center;\n  }\n}\n<\/style>\n\t<\/div>\n\t\n\t\t<\/div>\n\t\t\t\t\t<\/div>\n\n\t\n\n\t<div id=\"col-325185016\" class=\"col medium-6 small-12 large-6\"  >\n\t\t\t\t<div class=\"col-inner text-left\"  >\n\t\t\t\n\t\t\t\n<div class=\"accordion\">\n\t<div id=\"accordion-1372369136\" class=\"accordion-item\">\n\t\t<a id=\"accordion-1372369136-label\" class=\"accordion-title plain\" href=\"#accordion-item-was-kostet-eine-zahnbehandlung?\" aria-expanded=\"false\" aria-controls=\"accordion-1372369136-content\" >\n\t\t\t<button class=\"toggle\" aria-label=\"Umschalten\"><i class=\"icon-angle-down\"><\/i><\/button>\n\t\t\t<span>Was kostet eine Zahnbehandlung?<\/span>\n\t\t<\/a>\n\t\t<div id=\"accordion-1372369136-content\" class=\"accordion-inner\" aria-labelledby=\"accordion-1372369136-label\" >\n\t\t\t\n<p>Ja, aber Sie m\u00fcssen sich auf eine m\u00f6glicherweise l\u00e4ngere Wartezeit einrichten, die bei ung\u00fcnstigen Umst\u00e4nden auch mehrere Stunden dauern kann. Deswegen ist es geschickter vorher anzurufen (07221 -31343), wir halten bestimmte Bl\u00f6cke im Terminkalender frei, die f\u00fcr die Schmerzpatienten gedacht sind.<br \/>\nEine Ausnahme ist ein ausgeschlagener Zahn nach Unf\u00e4llen, wenn der Unfall sich vor kurzem (weniger als 1 Stunde) ereignet hat. In so einem Fall sollten Sie sich sofort auf den Weg in die Praxis machen, damit wir den Zahn in einer Zahnrettungsbox lagern k\u00f6nnen.<\/p>\n\t\t<\/div>\n\t<\/div>\n\t\n\t<div id=\"accordion-1497762741\" class=\"accordion-item\">\n\t\t<a id=\"accordion-1497762741-label\" class=\"accordion-title plain\" href=\"#accordion-item-ich-habe-zahnschmerzen,-kann-ich-sofort-vorbei-kommen?\" aria-expanded=\"false\" aria-controls=\"accordion-1497762741-content\" >\n\t\t\t<button class=\"toggle\" aria-label=\"Umschalten\"><i class=\"icon-angle-down\"><\/i><\/button>\n\t\t\t<span>Ich habe Zahnschmerzen, kann ich sofort vorbei kommen?<\/span>\n\t\t<\/a>\n\t\t<div id=\"accordion-1497762741-content\" class=\"accordion-inner\" aria-labelledby=\"accordion-1497762741-label\" >\n\t\t\t\n<p>Ja, aber Sie m\u00fcssen sich auf eine m\u00f6glicherweise l\u00e4ngere Wartezeit einrichten, die bei ung\u00fcnstigen Umst\u00e4nden auch mehrere Stunden dauern kann. Deswegen ist es geschickter vorher anzurufen (07221 -31343), wir halten bestimmte Bl\u00f6cke im Terminkalender frei, die f\u00fcr die Schmerzpatienten gedacht sind.<br \/>\nEine Ausnahme ist ein ausgeschlagener Zahn nach Unf\u00e4llen, wenn der Unfall sich vor kurzem (weniger als 1 Stunde) ereignet hat. In so einem Fall sollten Sie sich sofort auf den Weg in die Praxis machen, damit wir den Zahn in einer Zahnrettungsbox lagern k\u00f6nnen.<\/p>\n\t\t<\/div>\n\t<\/div>\n\t\n\t<div id=\"accordion-3151473855\" class=\"accordion-item\">\n\t\t<a id=\"accordion-3151473855-label\" class=\"accordion-title plain\" href=\"#accordion-item-wie-soll-ich-meine-z\u00e4hne-richtig-putzen?\" aria-expanded=\"false\" aria-controls=\"accordion-3151473855-content\" >\n\t\t\t<button class=\"toggle\" aria-label=\"Umschalten\"><i class=\"icon-angle-down\"><\/i><\/button>\n\t\t\t<span>Wie soll ich meine Z\u00e4hne richtig putzen?<\/span>\n\t\t<\/a>\n\t\t<div id=\"accordion-3151473855-content\" class=\"accordion-inner\" aria-labelledby=\"accordion-3151473855-label\" >\n\t\t\t\n<p>Genau das erkl\u00e4ren wir in der\u00a0<a href=\"https:\/\/www.g11-baden-baden.de\/\/dauerhafte-zahngesundheit\">SOLO Prophylaxe<\/a>. Das Ziel ist dauerhafte Zahngesundheit. Sie bekommen vor der ersten Prophylaxe einen Vortrag, der ca. 30 Minuten dauert, anschlie\u00dfend wird das Gelernte bei der ersten Prophylaxesitzung praktisch ge\u00fcbt. Eine normale Zahnb\u00fcrste empfehlen wir nicht!<\/p>\n\t\t<\/div>\n\t<\/div>\n\t\n\t<div id=\"accordion-3016874359\" class=\"accordion-item\">\n\t\t<a id=\"accordion-3016874359-label\" class=\"accordion-title plain\" href=\"#accordion-item-k\u00f6nnen-sie-mir-eine-zahnzusatzversicherung-empfehlen?\" aria-expanded=\"false\" aria-controls=\"accordion-3016874359-content\" >\n\t\t\t<button class=\"toggle\" aria-label=\"Umschalten\"><i class=\"icon-angle-down\"><\/i><\/button>\n\t\t\t<span>K\u00f6nnen Sie mir eine Zahnzusatzversicherung empfehlen?<\/span>\n\t\t<\/a>\n\t\t<div id=\"accordion-3016874359-content\" class=\"accordion-inner\" aria-labelledby=\"accordion-3016874359-label\" >\n\t\t\t\n<div>Nein, das d\u00fcrfen wir nicht. Aber wir k\u00f6nnen Ihnen empfehlen, sich die Vertr\u00e4ge genau durchzulesen. Wir erleben es viel zu oft, dass Patienten eine f\u00fcr Ihre Bed\u00fcrfnisse \u201efalsche\u201c Versicherung haben. Das bedeutet, dass Leistungen, die Sie tats\u00e4chlich ben\u00f6tigen nicht versichert und Leistungen, die nicht ben\u00f6tigt werden versichert sind. Demnach kann es unter Umst\u00e4nden passieren, dass Sie zwei Mal bezahlen m\u00fcssen: ein Mal f\u00fcr die Versicherung und ein Mal f\u00fcr die Behandlung. Das ist nat\u00fcrlich \u00e4rgerlich.<\/div>\n<div>Genau deshalb fragen wir Sie als Patient, was Sie f\u00fcr Ziele haben, wenn es um Ihre Z\u00e4hne geht. Denn es gibt verschiedene Behandlungen und verschiedene Tarife, die f\u00fcr verschiedene Menschen richtig w\u00e4ren. Aber wie ist es bei Ihnen? Teilen Sie Ihre dentalen Ziele mit dem Versicherungsmakler Ihres Vertrauens.<\/div>\n\t\t<\/div>\n\t<\/div>\n\t\n<\/div>\n\t\t<\/div>\n\t\t\t\t\t<\/div>\n\n\t\n\n\t<div id=\"col-1735830703\" class=\"col medium-6 small-12 large-6\"  >\n\t\t\t\t<div class=\"col-inner text-left\"  >\n\t\t\t\n\t\t\t\n<div class=\"accordion\">\n\t<div id=\"accordion-1487907625\" class=\"accordion-item\">\n\t\t<a id=\"accordion-1487907625-label\" class=\"accordion-title plain\" href=\"#accordion-item-wie-oft-muss-ich-zur-kontrolle-beim-zahnartzt?\" aria-expanded=\"false\" aria-controls=\"accordion-1487907625-content\" >\n\t\t\t<button class=\"toggle\" aria-label=\"Umschalten\"><i class=\"icon-angle-down\"><\/i><\/button>\n\t\t\t<span>Wie oft muss ich zur Kontrolle beim Zahnartzt?<\/span>\n\t\t<\/a>\n\t\t<div id=\"accordion-1487907625-content\" class=\"accordion-inner\" aria-labelledby=\"accordion-1487907625-label\" >\n\t\t\t\n<p>Wenn Sie an der\u00a0<a href=\"https:\/\/www.g11-baden-baden.de\/\/dauerhafte-zahngesundheit\">SOLO Prophylaxe<\/a>\u00a0teilnehmen und Sie kein Zahnfleischbluten beim Test haben, reicht es ein Mal pro Jahr. Alle anderen sollten zwei Mal pro Jahr den Weg in die Praxis aufsuchen.<\/p>\n\t\t<\/div>\n\t<\/div>\n\t\n\t<div id=\"accordion-2443756662\" class=\"accordion-item\">\n\t\t<a id=\"accordion-2443756662-label\" class=\"accordion-title plain\" href=\"#accordion-item-wird-die-reinigung-der-z\u00e4hne-von-der-krankenkasse-bezahlt?\" aria-expanded=\"false\" aria-controls=\"accordion-2443756662-content\" >\n\t\t\t<button class=\"toggle\" aria-label=\"Umschalten\"><i class=\"icon-angle-down\"><\/i><\/button>\n\t\t\t<span>Wird die Reinigung der Z\u00e4hne von der Krankenkasse bezahlt?<\/span>\n\t\t<\/a>\n\t\t<div id=\"accordion-2443756662-content\" class=\"accordion-inner\" aria-labelledby=\"accordion-2443756662-label\" >\n\t\t\t\n<div>Die\u00a0<a href=\"https:\/\/www.g11-baden-baden.de\/\/dauerhafte-zahngesundheit\">SOLO Prophylaxe<\/a>\u00a0ist keine Kassenleistung und wird privat abgerechnet. Allerdings gibt es einige Krankenkassen, die Interesse daran haben, dass die Versicherten gesund sind und es auch bleiben. Deswegen bezuschussen Sie abh\u00e4ngig von der Krankenkasse bis zu 60\u20ac pro Jahr. Daf\u00fcr m\u00fcssten Sie die Rechnung bei Ihrer Krankenkasse einreichen.<\/div>\n<div>Die gesetzliche Krankenversicherung bezahlt die Entfernung von Zahnstein in der Regel ein Mal pro Jahr.<\/div>\n\t\t<\/div>\n\t<\/div>\n\t\n\t<div id=\"accordion-430289903\" class=\"accordion-item\">\n\t\t<a id=\"accordion-430289903-label\" class=\"accordion-title plain\" href=\"#accordion-item-besteht-die-m\u00f6glichkeit-einer-ratenzahlung?\" aria-expanded=\"false\" aria-controls=\"accordion-430289903-content\" >\n\t\t\t<button class=\"toggle\" aria-label=\"Umschalten\"><i class=\"icon-angle-down\"><\/i><\/button>\n\t\t\t<span>Besteht die M\u00f6glichkeit einer Ratenzahlung?<\/span>\n\t\t<\/a>\n\t\t<div id=\"accordion-430289903-content\" class=\"accordion-inner\" aria-labelledby=\"accordion-430289903-label\" >\n\t\t\t\n<p>Ja. Wir arbeiten mit der Firma ZA (Zahn\u00e4rztliche Abrechnungsgesellschaft), wenn es um die Abrechnung Ihrer Behandlung geht. Es entstehen f\u00fcr Sie dadurch keine Kosten. Die ZA bietet Ihnen die M\u00f6glichkeit, die Rechnung in 6 monatlichen Raten ohne Zinsen und Geb\u00fchren zu bezahlen. Wenn Ratenzahlungen \u00fcber diesen Zeitraum hinaus vereinbart werden, fallen auch Zinsen und Geb\u00fchren an.<\/p>\n\t\t<\/div>\n\t<\/div>\n\t\n\t<div id=\"accordion-1338099104\" class=\"accordion-item\">\n\t\t<a id=\"accordion-1338099104-label\" class=\"accordion-title plain\" href=\"#accordion-item-muss-ich-den-kostenvoranschlag-auch-bei-meiner-zusatzversicherung-einreichen?\" aria-expanded=\"false\" aria-controls=\"accordion-1338099104-content\" >\n\t\t\t<button class=\"toggle\" aria-label=\"Umschalten\"><i class=\"icon-angle-down\"><\/i><\/button>\n\t\t\t<span>Muss ich den Kostenvoranschlag auch bei meiner Zusatzversicherung einreichen?<\/span>\n\t\t<\/a>\n\t\t<div id=\"accordion-1338099104-content\" class=\"accordion-inner\" aria-labelledby=\"accordion-1338099104-label\" >\n\t\t\t\n<p>Ja, das w\u00e4re sinnvoll. Verschiedene Versicherungen haben versicherungsinterne Regelungen, dennoch ist es besser sicher zu wissen, dass Ihre Versicherung diese Art von Leistungen \u00fcbernimmt.<\/p>\n\t\t<\/div>\n\t<\/div>\n\t\n<\/div>\n\t\t<\/div>\n\t\t\t\t\t<\/div>\n\n\t\n<\/div>\n\t\t<\/div>\n\n\t\t\n<style>\n#section_562376525 {\n  padding-top: 60px;\n  padding-bottom: 60px;\n}\n<\/style>\n\t<\/section>\n\t\n<div class=\"container section-title-container\" style=\"margin-top:22px;\"><h4 class=\"section-title section-title-center\"><b><\/b><span class=\"section-title-main\" style=\"font-size:undefined%;\">News zu Angsfrei zum Zahnarzt<\/span><b><\/b><\/h4><\/div>\n\n  \n    <div class=\"row large-columns-3 medium-columns- small-columns-1 slider row-slider slider-nav-simple slider-nav-outside\"  data-flickity-options='{&quot;imagesLoaded&quot;: true, &quot;groupCells&quot;: &quot;100%&quot;, &quot;dragThreshold&quot; : 5, &quot;cellAlign&quot;: &quot;left&quot;,&quot;wrapAround&quot;: true,&quot;prevNextButtons&quot;: true,&quot;percentPosition&quot;: true,&quot;pageDots&quot;: false, &quot;rightToLeft&quot;: false, &quot;autoPlay&quot; : false}' >\n\n  <\/div>\n","protected":false},"excerpt":{"rendered":"","protected":false},"author":2,"featured_media":0,"parent":0,"menu_order":0,"comment_status":"closed","ping_status":"closed","template":"page-blank.php","meta":{"footnotes":""},"class_list":["post-554","page","type-page","status-publish","hentry"],"yoast_head":"<!-- This site is optimized with the Yoast SEO plugin v24.9 - https:\/\/yoast.com\/wordpress\/plugins\/seo\/ -->\n<title>Angstfrei zum Zahnarzt - G11 Zahnmedizin<\/title>\n<meta name=\"robots\" content=\"index, follow, max-snippet:-1, max-image-preview:large, max-video-preview:-1\" \/>\n<link rel=\"canonical\" href=\"https:\/\/www.g11-baden-baden.de\/zahnarzt-baden-baden\/angstfrei-zum-zahnarzt\/\" \/>\n<meta property=\"og:locale\" content=\"de_DE\" \/>\n<meta property=\"og:type\" content=\"article\" \/>\n<meta property=\"og:title\" content=\"Angstfrei zum Zahnarzt - G11 Zahnmedizin\" \/>\n<meta property=\"og:url\" content=\"https:\/\/www.g11-baden-baden.de\/zahnarzt-baden-baden\/angstfrei-zum-zahnarzt\/\" \/>\n<meta property=\"og:site_name\" content=\"G11 Zahnmedizin\" \/>\n<meta property=\"article:modified_time\" content=\"2022-09-06T15:19:41+00:00\" \/>\n<meta name=\"twitter:card\" content=\"summary_large_image\" \/>\n<meta name=\"twitter:label1\" content=\"Gesch\u00e4tzte Lesezeit\" \/>\n\t<meta name=\"twitter:data1\" content=\"7\u00a0Minuten\" \/>\n<!-- \/ Yoast SEO plugin. -->","yoast_head_json":{"title":"Angstfrei zum Zahnarzt - G11 Zahnmedizin","robots":{"index":"index","follow":"follow","max-snippet":"max-snippet:-1","max-image-preview":"max-image-preview:large","max-video-preview":"max-video-preview:-1"},"canonical":"https:\/\/www.g11-baden-baden.de\/zahnarzt-baden-baden\/angstfrei-zum-zahnarzt\/","og_locale":"de_DE","og_type":"article","og_title":"Angstfrei zum Zahnarzt - G11 Zahnmedizin","og_url":"https:\/\/www.g11-baden-baden.de\/zahnarzt-baden-baden\/angstfrei-zum-zahnarzt\/","og_site_name":"G11 Zahnmedizin","article_modified_time":"2022-09-06T15:19:41+00:00","twitter_card":"summary_large_image","twitter_misc":{"Gesch\u00e4tzte Lesezeit":"7\u00a0Minuten"},"schema":{"@context":"https:\/\/schema.org","@graph":[{"@type":"WebPage","@id":"https:\/\/www.g11-baden-baden.de\/zahnarzt-baden-baden\/angstfrei-zum-zahnarzt\/","url":"https:\/\/www.g11-baden-baden.de\/zahnarzt-baden-baden\/angstfrei-zum-zahnarzt\/","name":"Angstfrei zum Zahnarzt - G11 Zahnmedizin","isPartOf":{"@id":"https:\/\/www.g11-baden-baden.de\/zahnarzt-baden-baden\/#website"},"datePublished":"2022-08-30T10:06:03+00:00","dateModified":"2022-09-06T15:19:41+00:00","breadcrumb":{"@id":"https:\/\/www.g11-baden-baden.de\/zahnarzt-baden-baden\/angstfrei-zum-zahnarzt\/#breadcrumb"},"inLanguage":"de","potentialAction":[{"@type":"ReadAction","target":["https:\/\/www.g11-baden-baden.de\/zahnarzt-baden-baden\/angstfrei-zum-zahnarzt\/"]}]},{"@type":"BreadcrumbList","@id":"https:\/\/www.g11-baden-baden.de\/zahnarzt-baden-baden\/angstfrei-zum-zahnarzt\/#breadcrumb","itemListElement":[{"@type":"ListItem","position":1,"name":"Startseite","item":"https:\/\/www.g11-baden-baden.de\/zahnarzt-baden-baden\/"},{"@type":"ListItem","position":2,"name":"Angstfrei zum Zahnarzt"}]},{"@type":"WebSite","@id":"https:\/\/www.g11-baden-baden.de\/zahnarzt-baden-baden\/#website","url":"https:\/\/www.g11-baden-baden.de\/zahnarzt-baden-baden\/","name":"G11 Zahnmedizin","description":"Zahnarzt in Baden-Baden","potentialAction":[{"@type":"SearchAction","target":{"@type":"EntryPoint","urlTemplate":"https:\/\/www.g11-baden-baden.de\/zahnarzt-baden-baden\/?s={search_term_string}"},"query-input":{"@type":"PropertyValueSpecification","valueRequired":true,"valueName":"search_term_string"}}],"inLanguage":"de"}]}},"_links":{"self":[{"href":"https:\/\/www.g11-baden-baden.de\/zahnarzt-baden-baden\/wp-json\/wp\/v2\/pages\/554","targetHints":{"allow":["GET"]}}],"collection":[{"href":"https:\/\/www.g11-baden-baden.de\/zahnarzt-baden-baden\/wp-json\/wp\/v2\/pages"}],"about":[{"href":"https:\/\/www.g11-baden-baden.de\/zahnarzt-baden-baden\/wp-json\/wp\/v2\/types\/page"}],"author":[{"embeddable":true,"href":"https:\/\/www.g11-baden-baden.de\/zahnarzt-baden-baden\/wp-json\/wp\/v2\/users\/2"}],"replies":[{"embeddable":true,"href":"https:\/\/www.g11-baden-baden.de\/zahnarzt-baden-baden\/wp-json\/wp\/v2\/comments?post=554"}],"version-history":[{"count":0,"href":"https:\/\/www.g11-baden-baden.de\/zahnarzt-baden-baden\/wp-json\/wp\/v2\/pages\/554\/revisions"}],"wp:attachment":[{"href":"https:\/\/www.g11-baden-baden.de\/zahnarzt-baden-baden\/wp-json\/wp\/v2\/media?parent=554"}],"curies":[{"name":"wp","href":"https:\/\/api.w.org\/{rel}","templated":true}]}}