{"id":234,"date":"2022-08-23T13:35:41","date_gmt":"2022-08-23T11:35:41","guid":{"rendered":"http:\/\/relaunch.g11-baden-baden.de\/?page_id=234"},"modified":"2022-09-06T18:03:35","modified_gmt":"2022-09-06T16:03:35","slug":"oralchirurgie","status":"publish","type":"page","link":"https:\/\/www.g11-baden-baden.de\/zahnarzt-baden-baden\/oralchirurgie\/","title":{"rendered":"Oralchirurgie"},"content":{"rendered":"\n\t<section class=\"section dark\" id=\"section_199373638\">\n\t\t<div class=\"section-bg fill\" >\n\t\t\t\t\t\t\t\t\t\n\t\t\t\n\n\t\t<\/div>\n\n\t\t\n\n\t\t<div class=\"section-content relative\">\n\t\t\t\n<div class=\"row align-bottom align-center\" style=\"max-width:1200px\" id=\"row-436312299\">\n\n\t<div id=\"col-225650154\" class=\"col medium-12 small-12 large-6\"  >\n\t\t\t\t<div class=\"col-inner text-center\"  >\n\t\t\t\n\t\t\t\n\t<div id=\"text-63503943\" class=\"text\">\n\t\t\n\t\t\n<style>\n#text-63503943 {\n  font-size: 0.75rem;\n  text-align: center;\n}\n@media (min-width:550px) {\n  #text-63503943 {\n    font-size: 1.1rem;\n  }\n}\n<\/style>\n\t<\/div>\n\t\n\t<div id=\"text-3405368393\" class=\"text\">\n\t\t\n<h1>Oralchirurgie<\/h1>\n\t\t\n<style>\n#text-3405368393 {\n  font-size: 1rem;\n}\n@media (min-width:550px) {\n  #text-3405368393 {\n    font-size: 1.5rem;\n  }\n}\n<\/style>\n\t<\/div>\n\t\n\t\t<\/div>\n\t\t\t\t\t<\/div>\n\n\t\n<\/div>\n\t\t<\/div>\n\n\t\t\n<style>\n#section_199373638 {\n  padding-top: 80px;\n  padding-bottom: 80px;\n  background-color: rgb(161, 149, 143);\n}\n<\/style>\n\t<\/section>\n\t\n\n\t<section class=\"section\" id=\"section_320329118\">\n\t\t<div class=\"section-bg fill\" >\n\t\t\t\t\t\t\t\t\t\n\t\t\t\n\n\t\t<\/div>\n\n\t\t\n\n\t\t<div class=\"section-content relative\">\n\t\t\t\n<div class=\"row align-middle align-center\"  id=\"row-1770973649\">\n\n\t<div id=\"col-2020582185\" class=\"col small-12 large-12\"  >\n\t\t\t\t<div class=\"col-inner\"  >\n\t\t\t\n\t\t\t\n<div class=\"is-divider divider clearfix\" style=\"margin-top:1.2em;margin-bottom:1.2em;background-color:rgba(255, 255, 255, 0);\"><\/div>\n\t\t<\/div>\n\t\t\t\t\t<\/div>\n\n\t\n\n\t<div id=\"col-1319874337\" class=\"col medium-5 small-12 large-5\"  >\n\t\t\t\t<div class=\"col-inner text-center\"  >\n\t\t\t\n\t\t\t\n\t<div class=\"img has-hover x md-x lg-x y md-y lg-y\" id=\"image_1523242248\">\n\t\t\t\t\t\t\t\t<div class=\"img-inner dark\" >\n\t\t\t<img loading=\"lazy\" decoding=\"async\" width=\"1020\" height=\"628\" src=\"https:\/\/www.g11-baden-baden.de\/wp-content\/uploads\/2022\/08\/G11-Website-Hero-1300x800.png\" class=\"attachment-large size-large\" alt=\"Dr. med. dent. Lale Acanal-Lozankovski &amp; Dr. med. dent. Novica Lozankovski Zahn\u00e4rzte in Baden-Baden Innenstadt\" srcset=\"https:\/\/www.g11-baden-baden.de\/wp-content\/uploads\/2022\/08\/G11-Website-Hero-1300x800.png 1300w, https:\/\/www.g11-baden-baden.de\/wp-content\/uploads\/2022\/08\/G11-Website-Hero-650x400.png 650w, https:\/\/www.g11-baden-baden.de\/wp-content\/uploads\/2022\/08\/G11-Website-Hero-768x473.png 768w, https:\/\/www.g11-baden-baden.de\/wp-content\/uploads\/2022\/08\/G11-Website-Hero-1536x945.png 1536w, https:\/\/www.g11-baden-baden.de\/wp-content\/uploads\/2022\/08\/G11-Website-Hero.png 1950w\" sizes=\"auto, (max-width: 1020px) 100vw, 1020px\" \/>\t\t\t\t\t\t\n\t\t\t\t\t<\/div>\n\t\t\t\t\t\t\t\t\n<style>\n#image_1523242248 {\n  width: 100%;\n}\n<\/style>\n\t<\/div>\n\t\n\t<div class=\"img has-hover x md-x lg-x y md-y lg-y\" id=\"image_1356059532\">\n\t\t\t\t\t\t\t\t<div class=\"img-inner dark\" >\n\t\t\t\t\t\t\t\t\t\n\t\t\t\t\t<\/div>\n\t\t\t\t\t\t\t\t\n<style>\n#image_1356059532 {\n  width: 84%;\n}\n<\/style>\n\t<\/div>\n\t\n\t\t<\/div>\n\t\t\t\t\t<\/div>\n\n\t\n\n\t<div id=\"col-2014974609\" class=\"col medium-7 small-12 large-7\"  >\n\t\t\t\t<div class=\"col-inner\"  >\n\t\t\t\n\t\t\t\n<p><span data-fusion-font=\"true\">Sollte es notwendig sein, k\u00f6nnen wir f\u00fcr unsere Patienten Z\u00e4hne entfernen, die nicht mehr erhalten werden k\u00f6nnen. Dieses erfolgt manchmal auf operativem Wege. Auch Weisheitsz\u00e4hne, \u00fcberz\u00e4hlige Z\u00e4hne und Zysten k\u00f6nnen in unserer Praxis behandelt werden. Wir legen Z\u00e4hne frei, die sp\u00e4ter kieferorthop\u00e4disch in die Zahnreihe bewegt werden. Auch Erkrankungen der Schleimhaut werden bei uns behandelt.\u00a0<\/span><span data-fusion-font=\"true\">Bei besonderen Fragestellungen oder kritischen Befunden wird eine dreidimensionale R\u00f6ntgenaufnahme notwendig. Diese k\u00f6nnen wir bei uns in der Praxis anfertigen und zur Therapieentscheidung hinzuziehen.<\/span><\/p>\n\t\t<\/div>\n\t\t\t\t\t<\/div>\n\n\t\n<\/div>\n\t\t<\/div>\n\n\t\t\n<style>\n#section_320329118 {\n  padding-top: 30px;\n  padding-bottom: 30px;\n}\n<\/style>\n\t<\/section>\n\t\n\t<div id=\"gap-765354585\" class=\"gap-element clearfix\" style=\"display:block; height:auto;\">\n\t\t\n<style>\n#gap-765354585 {\n  padding-top: 60px;\n}\n<\/style>\n\t<\/div>\n\t\n\n\t<section class=\"section blaubanner dark hide-for-small\" id=\"section_179964316\">\n\t\t<div class=\"section-bg fill\" >\n\t\t\t\t\t\t\t\t\t\n\t\t\t\n\n\t\t<\/div>\n\n\t\t\n\n\t\t<div class=\"section-content relative\">\n\t\t\t\n<div class=\"row\"  id=\"row-1355490715\">\n\n\t<div id=\"col-93459502\" class=\"col blaucolumn small-12 large-12\"  >\n\t\t\t\t<div class=\"col-inner text-center\"  >\n\t\t\t\n\t\t\t\n\t<div id=\"text-3265870663\" class=\"text textblau\">\n\t\t\n<h3 data-fontsize=\"52\" data-lineheight=\"62.4px\">Kontaktieren Sie uns!<\/h3>\n\t\t\n<style>\n#text-3265870663 {\n  font-size: 1.5rem;\n  text-align: center;\n}\n<\/style>\n\t<\/div>\n\t\n\t<div class=\"img has-hover x md-x lg-x y md-y lg-y\" id=\"image_819851770\">\n\t\t\t\t\t\t\t\t<div class=\"img-inner dark\" >\n\t\t\t<img loading=\"lazy\" decoding=\"async\" width=\"200\" height=\"200\" src=\"https:\/\/www.g11-baden-baden.de\/wp-content\/uploads\/2022\/08\/pfeil-g11.png\" class=\"attachment-large size-large\" alt=\"Zahnarzt Baden-Baden\" \/>\t\t\t\t\t\t\n\t\t\t\t\t<\/div>\n\t\t\t\t\t\t\t\t\n<style>\n#image_819851770 {\n  width: 6%;\n}\n<\/style>\n\t<\/div>\n\t\n\t\t<\/div>\n\t\t\t\t\n<style>\n#col-93459502 > .col-inner {\n  padding: 61px 20px 0px 20px;\n}\n@media (min-width:550px) {\n  #col-93459502 > .col-inner {\n    padding: 61px 0px 0px 0px;\n  }\n}\n<\/style>\n\t<\/div>\n\n\t\n<\/div>\n<div class=\"row align-equal align-center\"  id=\"row-357517216\">\n\n\t<div id=\"col-1808424862\" class=\"col blaucolumn medium-6 small-12 large-6\"  >\n\t\t\t\t<div class=\"col-inner text-center\"  >\n\t\t\t\n\t\t\t\n\t<div id=\"text-104414985\" class=\"text\">\n\t\t\n<p><button class=\"button white is-outline\" onclick=\"javascript:toggleDrFlexAppointments()\">Termin vereinbaren<\/button><\/p>\n\t\t\n<style>\n#text-104414985 {\n  text-align: center;\n}\n<\/style>\n\t<\/div>\n\t\n\t\t<\/div>\n\t\t\t\t\t<\/div>\n\n\t\n<\/div>\n\t\t<\/div>\n\n\t\t\n<style>\n#section_179964316 {\n  padding-top: 64px;\n  padding-bottom: 64px;\n  background-color: #8e847d;\n}\n<\/style>\n\t<\/section>\n\t\n\n\t<section class=\"section dark show-for-small\" id=\"section_810097512\">\n\t\t<div class=\"section-bg fill\" >\n\t\t\t\t\t\t\t\t\t\n\t\t\t\n\n\t\t<\/div>\n\n\t\t\n\n\t\t<div class=\"section-content relative\">\n\t\t\t\n<div class=\"row\"  id=\"row-1450606853\">\n\n\t<div id=\"col-1130102212\" class=\"col small-12 large-12\"  >\n\t\t\t\t<div class=\"col-inner text-center\"  >\n\t\t\t\n\t\t\t\n\t<div id=\"text-2850685271\" class=\"text textblau\">\n\t\t\n<h3 data-fontsize=\"52\" data-lineheight=\"62.4px\">Kontaktieren Sie uns!<\/h3>\n\t\t\n<style>\n#text-2850685271 {\n  font-size: 1.5rem;\n  text-align: center;\n}\n<\/style>\n\t<\/div>\n\t\n\t<div class=\"img has-hover x md-x lg-x y md-y lg-y\" id=\"image_1287648714\">\n\t\t\t\t\t\t\t\t<div class=\"img-inner dark\" >\n\t\t\t<img loading=\"lazy\" decoding=\"async\" width=\"200\" height=\"200\" src=\"https:\/\/www.g11-baden-baden.de\/wp-content\/uploads\/2022\/08\/pfeil-g11.png\" class=\"attachment-large size-large\" alt=\"Zahnarzt Baden-Baden\" \/>\t\t\t\t\t\t\n\t\t\t\t\t<\/div>\n\t\t\t\t\t\t\t\t\n<style>\n#image_1287648714 {\n  width: 6%;\n}\n<\/style>\n\t<\/div>\n\t\n\t\t<\/div>\n\t\t\t\t\n<style>\n#col-1130102212 > .col-inner {\n  padding: 61px 20px 0px 20px;\n}\n@media (min-width:550px) {\n  #col-1130102212 > .col-inner {\n    padding: 61px 0px 0px 0px;\n  }\n}\n<\/style>\n\t<\/div>\n\n\t\n<\/div>\n<div class=\"row align-equal align-center\"  id=\"row-1118137282\">\n\n\t<div id=\"col-987488442\" class=\"col medium-6 small-12 large-6\"  >\n\t\t\t\t<div class=\"col-inner text-center\"  >\n\t\t\t\n\t\t\t\n\t<div id=\"text-1566388802\" class=\"text\">\n\t\t\n<p><button class=\"button white is-outline\" onclick=\"javascript:toggleDrFlexAppointments()\">Termin vereinbaren<\/button><\/p>\n\t\t\n<style>\n#text-1566388802 {\n  text-align: center;\n}\n<\/style>\n\t<\/div>\n\t\n\t\t<\/div>\n\t\t\t\t\t<\/div>\n\n\t\n<\/div>\n\t\t<\/div>\n\n\t\t\n<style>\n#section_810097512 {\n  padding-top: 64px;\n  padding-bottom: 64px;\n  background-color: #8e847d;\n}\n<\/style>\n\t<\/section>\n\t\n\n\t<section class=\"section\" id=\"section_918486535\">\n\t\t<div class=\"section-bg fill\" >\n\t\t\t\t\t\t\t\t\t\n\t\t\t\n\n\t\t<\/div>\n\n\t\t\n\n\t\t<div class=\"section-content relative\">\n\t\t\t\n<div class=\"row row-large align-center\"  id=\"row-540642452\">\n\n\t<div id=\"col-680160810\" class=\"col medium-9 small-12 large-9\"  >\n\t\t\t\t<div class=\"col-inner text-center\"  >\n\t\t\t\n\t\t\t\n\t<div id=\"text-2273832795\" class=\"text\">\n\t\t\n<h4 class=\"uppercase\" style=\"text-align: center;\">H\u00e4ufige gestellte Fragen | FAQ<\/h4>\n\t\t\n<style>\n#text-2273832795 {\n  text-align: left;\n}\n@media (min-width:550px) {\n  #text-2273832795 {\n    text-align: center;\n  }\n}\n<\/style>\n\t<\/div>\n\t\n\t\t<\/div>\n\t\t\t\t\t<\/div>\n\n\t\n\n\t<div id=\"col-164582711\" class=\"col medium-6 small-12 large-6\"  >\n\t\t\t\t<div class=\"col-inner text-left\"  >\n\t\t\t\n\t\t\t\n<div class=\"accordion\">\n\t<div id=\"accordion-2235039753\" class=\"accordion-item\">\n\t\t<a id=\"accordion-2235039753-label\" class=\"accordion-title plain\" href=\"#accordion-item-was-kostet-eine-zahnbehandlung?\" aria-expanded=\"false\" aria-controls=\"accordion-2235039753-content\" >\n\t\t\t<button class=\"toggle\" aria-label=\"Umschalten\"><i class=\"icon-angle-down\"><\/i><\/button>\n\t\t\t<span>Was kostet eine Zahnbehandlung?<\/span>\n\t\t<\/a>\n\t\t<div id=\"accordion-2235039753-content\" class=\"accordion-inner\" aria-labelledby=\"accordion-2235039753-label\" >\n\t\t\t\n<p>Ja, aber Sie m\u00fcssen sich auf eine m\u00f6glicherweise l\u00e4ngere Wartezeit einrichten, die bei ung\u00fcnstigen Umst\u00e4nden auch mehrere Stunden dauern kann. Deswegen ist es geschickter vorher anzurufen (07221 -31343), wir halten bestimmte Bl\u00f6cke im Terminkalender frei, die f\u00fcr die Schmerzpatienten gedacht sind.<br \/>\nEine Ausnahme ist ein ausgeschlagener Zahn nach Unf\u00e4llen, wenn der Unfall sich vor kurzem (weniger als 1 Stunde) ereignet hat. In so einem Fall sollten Sie sich sofort auf den Weg in die Praxis machen, damit wir den Zahn in einer Zahnrettungsbox lagern k\u00f6nnen.<\/p>\n\t\t<\/div>\n\t<\/div>\n\t\n\t<div id=\"accordion-151028758\" class=\"accordion-item\">\n\t\t<a id=\"accordion-151028758-label\" class=\"accordion-title plain\" href=\"#accordion-item-ich-habe-zahnschmerzen,-kann-ich-sofort-vorbei-kommen?\" aria-expanded=\"false\" aria-controls=\"accordion-151028758-content\" >\n\t\t\t<button class=\"toggle\" aria-label=\"Umschalten\"><i class=\"icon-angle-down\"><\/i><\/button>\n\t\t\t<span>Ich habe Zahnschmerzen, kann ich sofort vorbei kommen?<\/span>\n\t\t<\/a>\n\t\t<div id=\"accordion-151028758-content\" class=\"accordion-inner\" aria-labelledby=\"accordion-151028758-label\" >\n\t\t\t\n<p>Ja, aber Sie m\u00fcssen sich auf eine m\u00f6glicherweise l\u00e4ngere Wartezeit einrichten, die bei ung\u00fcnstigen Umst\u00e4nden auch mehrere Stunden dauern kann. Deswegen ist es geschickter vorher anzurufen (07221 -31343), wir halten bestimmte Bl\u00f6cke im Terminkalender frei, die f\u00fcr die Schmerzpatienten gedacht sind.<br \/>\nEine Ausnahme ist ein ausgeschlagener Zahn nach Unf\u00e4llen, wenn der Unfall sich vor kurzem (weniger als 1 Stunde) ereignet hat. In so einem Fall sollten Sie sich sofort auf den Weg in die Praxis machen, damit wir den Zahn in einer Zahnrettungsbox lagern k\u00f6nnen.<\/p>\n\t\t<\/div>\n\t<\/div>\n\t\n\t<div id=\"accordion-3417076717\" class=\"accordion-item\">\n\t\t<a id=\"accordion-3417076717-label\" class=\"accordion-title plain\" href=\"#accordion-item-wie-soll-ich-meine-z\u00e4hne-richtig-putzen?\" aria-expanded=\"false\" aria-controls=\"accordion-3417076717-content\" >\n\t\t\t<button class=\"toggle\" aria-label=\"Umschalten\"><i class=\"icon-angle-down\"><\/i><\/button>\n\t\t\t<span>Wie soll ich meine Z\u00e4hne richtig putzen?<\/span>\n\t\t<\/a>\n\t\t<div id=\"accordion-3417076717-content\" class=\"accordion-inner\" aria-labelledby=\"accordion-3417076717-label\" >\n\t\t\t\n<p>Genau das erkl\u00e4ren wir in der\u00a0<a href=\"https:\/\/www.g11-baden-baden.de\/\/dauerhafte-zahngesundheit\">SOLO Prophylaxe<\/a>. Das Ziel ist dauerhafte Zahngesundheit. Sie bekommen vor der ersten Prophylaxe einen Vortrag, der ca. 30 Minuten dauert, anschlie\u00dfend wird das Gelernte bei der ersten Prophylaxesitzung praktisch ge\u00fcbt. Eine normale Zahnb\u00fcrste empfehlen wir nicht!<\/p>\n\t\t<\/div>\n\t<\/div>\n\t\n\t<div id=\"accordion-706004446\" class=\"accordion-item\">\n\t\t<a id=\"accordion-706004446-label\" class=\"accordion-title plain\" href=\"#accordion-item-k\u00f6nnen-sie-mir-eine-zahnzusatzversicherung-empfehlen?\" aria-expanded=\"false\" aria-controls=\"accordion-706004446-content\" >\n\t\t\t<button class=\"toggle\" aria-label=\"Umschalten\"><i class=\"icon-angle-down\"><\/i><\/button>\n\t\t\t<span>K\u00f6nnen Sie mir eine Zahnzusatzversicherung empfehlen?<\/span>\n\t\t<\/a>\n\t\t<div id=\"accordion-706004446-content\" class=\"accordion-inner\" aria-labelledby=\"accordion-706004446-label\" >\n\t\t\t\n<div>Nein, das d\u00fcrfen wir nicht. Aber wir k\u00f6nnen Ihnen empfehlen, sich die Vertr\u00e4ge genau durchzulesen. Wir erleben es viel zu oft, dass Patienten eine f\u00fcr Ihre Bed\u00fcrfnisse \u201efalsche\u201c Versicherung haben. Das bedeutet, dass Leistungen, die Sie tats\u00e4chlich ben\u00f6tigen nicht versichert und Leistungen, die nicht ben\u00f6tigt werden versichert sind. Demnach kann es unter Umst\u00e4nden passieren, dass Sie zwei Mal bezahlen m\u00fcssen: ein Mal f\u00fcr die Versicherung und ein Mal f\u00fcr die Behandlung. Das ist nat\u00fcrlich \u00e4rgerlich.<\/div>\n<div>Genau deshalb fragen wir Sie als Patient, was Sie f\u00fcr Ziele haben, wenn es um Ihre Z\u00e4hne geht. Denn es gibt verschiedene Behandlungen und verschiedene Tarife, die f\u00fcr verschiedene Menschen richtig w\u00e4ren. Aber wie ist es bei Ihnen? Teilen Sie Ihre dentalen Ziele mit dem Versicherungsmakler Ihres Vertrauens.<\/div>\n\t\t<\/div>\n\t<\/div>\n\t\n<\/div>\n\t\t<\/div>\n\t\t\t\t\t<\/div>\n\n\t\n\n\t<div id=\"col-84250048\" class=\"col medium-6 small-12 large-6\"  >\n\t\t\t\t<div class=\"col-inner text-left\"  >\n\t\t\t\n\t\t\t\n<div class=\"accordion\">\n\t<div id=\"accordion-1013535628\" class=\"accordion-item\">\n\t\t<a id=\"accordion-1013535628-label\" class=\"accordion-title plain\" href=\"#accordion-item-wie-oft-muss-ich-zur-kontrolle-beim-zahnartzt?\" aria-expanded=\"false\" aria-controls=\"accordion-1013535628-content\" >\n\t\t\t<button class=\"toggle\" aria-label=\"Umschalten\"><i class=\"icon-angle-down\"><\/i><\/button>\n\t\t\t<span>Wie oft muss ich zur Kontrolle beim Zahnartzt?<\/span>\n\t\t<\/a>\n\t\t<div id=\"accordion-1013535628-content\" class=\"accordion-inner\" aria-labelledby=\"accordion-1013535628-label\" >\n\t\t\t\n<p>Wenn Sie an der\u00a0<a href=\"https:\/\/www.g11-baden-baden.de\/\/dauerhafte-zahngesundheit\">SOLO Prophylaxe<\/a>\u00a0teilnehmen und Sie kein Zahnfleischbluten beim Test haben, reicht es ein Mal pro Jahr. Alle anderen sollten zwei Mal pro Jahr den Weg in die Praxis aufsuchen.<\/p>\n\t\t<\/div>\n\t<\/div>\n\t\n\t<div id=\"accordion-2239417100\" class=\"accordion-item\">\n\t\t<a id=\"accordion-2239417100-label\" class=\"accordion-title plain\" href=\"#accordion-item-wird-die-reinigung-der-z\u00e4hne-von-der-krankenkasse-bezahlt?\" aria-expanded=\"false\" aria-controls=\"accordion-2239417100-content\" >\n\t\t\t<button class=\"toggle\" aria-label=\"Umschalten\"><i class=\"icon-angle-down\"><\/i><\/button>\n\t\t\t<span>Wird die Reinigung der Z\u00e4hne von der Krankenkasse bezahlt?<\/span>\n\t\t<\/a>\n\t\t<div id=\"accordion-2239417100-content\" class=\"accordion-inner\" aria-labelledby=\"accordion-2239417100-label\" >\n\t\t\t\n<div>Die\u00a0<a href=\"https:\/\/www.g11-baden-baden.de\/\/dauerhafte-zahngesundheit\">SOLO Prophylaxe<\/a>\u00a0ist keine Kassenleistung und wird privat abgerechnet. Allerdings gibt es einige Krankenkassen, die Interesse daran haben, dass die Versicherten gesund sind und es auch bleiben. Deswegen bezuschussen Sie abh\u00e4ngig von der Krankenkasse bis zu 60\u20ac pro Jahr. Daf\u00fcr m\u00fcssten Sie die Rechnung bei Ihrer Krankenkasse einreichen.<\/div>\n<div>Die gesetzliche Krankenversicherung bezahlt die Entfernung von Zahnstein in der Regel ein Mal pro Jahr.<\/div>\n\t\t<\/div>\n\t<\/div>\n\t\n\t<div id=\"accordion-4134042523\" class=\"accordion-item\">\n\t\t<a id=\"accordion-4134042523-label\" class=\"accordion-title plain\" href=\"#accordion-item-besteht-die-m\u00f6glichkeit-einer-ratenzahlung?\" aria-expanded=\"false\" aria-controls=\"accordion-4134042523-content\" >\n\t\t\t<button class=\"toggle\" aria-label=\"Umschalten\"><i class=\"icon-angle-down\"><\/i><\/button>\n\t\t\t<span>Besteht die M\u00f6glichkeit einer Ratenzahlung?<\/span>\n\t\t<\/a>\n\t\t<div id=\"accordion-4134042523-content\" class=\"accordion-inner\" aria-labelledby=\"accordion-4134042523-label\" >\n\t\t\t\n<p>Ja. Wir arbeiten mit der Firma ZA (Zahn\u00e4rztliche Abrechnungsgesellschaft), wenn es um die Abrechnung Ihrer Behandlung geht. Es entstehen f\u00fcr Sie dadurch keine Kosten. Die ZA bietet Ihnen die M\u00f6glichkeit, die Rechnung in 6 monatlichen Raten ohne Zinsen und Geb\u00fchren zu bezahlen. Wenn Ratenzahlungen \u00fcber diesen Zeitraum hinaus vereinbart werden, fallen auch Zinsen und Geb\u00fchren an.<\/p>\n\t\t<\/div>\n\t<\/div>\n\t\n\t<div id=\"accordion-3992718777\" class=\"accordion-item\">\n\t\t<a id=\"accordion-3992718777-label\" class=\"accordion-title plain\" href=\"#accordion-item-muss-ich-den-kostenvoranschlag-auch-bei-meiner-zusatzversicherung-einreichen?\" aria-expanded=\"false\" aria-controls=\"accordion-3992718777-content\" >\n\t\t\t<button class=\"toggle\" aria-label=\"Umschalten\"><i class=\"icon-angle-down\"><\/i><\/button>\n\t\t\t<span>Muss ich den Kostenvoranschlag auch bei meiner Zusatzversicherung einreichen?<\/span>\n\t\t<\/a>\n\t\t<div id=\"accordion-3992718777-content\" class=\"accordion-inner\" aria-labelledby=\"accordion-3992718777-label\" >\n\t\t\t\n<p>Ja, das w\u00e4re sinnvoll. Verschiedene Versicherungen haben versicherungsinterne Regelungen, dennoch ist es besser sicher zu wissen, dass Ihre Versicherung diese Art von Leistungen \u00fcbernimmt.<\/p>\n\t\t<\/div>\n\t<\/div>\n\t\n<\/div>\n\t\t<\/div>\n\t\t\t\t\t<\/div>\n\n\t\n<\/div>\n\t\t<\/div>\n\n\t\t\n<style>\n#section_918486535 {\n  padding-top: 60px;\n  padding-bottom: 60px;\n}\n<\/style>\n\t<\/section>\n\t\n<div class=\"container section-title-container\" style=\"margin-top:22px;\"><h4 class=\"section-title section-title-center\"><b><\/b><span class=\"section-title-main\" style=\"font-size:undefined%;\">News zu Oralchirurgie<\/span><b><\/b><\/h4><\/div>\n\n  \n    <div class=\"row large-columns-3 medium-columns-1 small-columns-1 slider row-slider slider-nav-reveal slider-nav-push\"  data-flickity-options='{&quot;imagesLoaded&quot;: true, &quot;groupCells&quot;: &quot;100%&quot;, &quot;dragThreshold&quot; : 5, &quot;cellAlign&quot;: &quot;left&quot;,&quot;wrapAround&quot;: true,&quot;prevNextButtons&quot;: true,&quot;percentPosition&quot;: true,&quot;pageDots&quot;: false, &quot;rightToLeft&quot;: false, &quot;autoPlay&quot; : false}' >\n\n  <div class=\"col post-item\" >\n\t\t\t<div class=\"col-inner\">\n\t\t\t\t<div class=\"box box-normal box-text-bottom box-blog-post has-hover\">\n            \t\t\t\t\t<div class=\"box-image\" >\n  \t\t\t\t\t\t<div class=\"image-cover\" style=\"padding-top:56.25%;\">\n\t\t\t\t\t\t\t<a href=\"https:\/\/www.g11-baden-baden.de\/zahnarzt-baden-baden\/ein-laecheln-ohne-schmerzen-die-zukunft-der-zahnmedizin-mit-dem-wand-system\/\" class=\"plain\" aria-label=\"Ein L\u00e4cheln ohne Schmerzen: Die Zukunft der Zahnmedizin mit dem WAND-System\">\n\t\t\t\t\t\t\t\t<img loading=\"lazy\" decoding=\"async\" width=\"600\" height=\"400\" src=\"https:\/\/www.g11-baden-baden.de\/wp-content\/uploads\/2023\/04\/IMG_2215-600x400.jpg\" class=\"attachment-medium size-medium wp-post-image\" alt=\"\" srcset=\"https:\/\/www.g11-baden-baden.de\/wp-content\/uploads\/2023\/04\/IMG_2215-600x400.jpg 600w, https:\/\/www.g11-baden-baden.de\/wp-content\/uploads\/2023\/04\/IMG_2215-1200x800.jpg 1200w, https:\/\/www.g11-baden-baden.de\/wp-content\/uploads\/2023\/04\/IMG_2215-768x512.jpg 768w, https:\/\/www.g11-baden-baden.de\/wp-content\/uploads\/2023\/04\/IMG_2215-1536x1024.jpg 1536w, https:\/\/www.g11-baden-baden.de\/wp-content\/uploads\/2023\/04\/IMG_2215-2048x1365.jpg 2048w\" sizes=\"auto, (max-width: 600px) 100vw, 600px\" \/>\t\t\t\t\t\t\t<\/a>\n  \t\t\t\t\t\t\t  \t\t\t\t\t\t\t  \t\t\t\t\t\t<\/div>\n  \t\t\t\t\t\t  \t\t\t\t\t<\/div>\n          \t\t\t\t\t<div class=\"box-text text-center\" >\n\t\t\t\t\t<div class=\"box-text-inner blog-post-inner\">\n\n\t\t\t\t\t\n\t\t\t\t\t\t\t\t\t\t<h5 class=\"post-title is-large \">\n\t\t\t\t\t\t<a href=\"https:\/\/www.g11-baden-baden.de\/zahnarzt-baden-baden\/ein-laecheln-ohne-schmerzen-die-zukunft-der-zahnmedizin-mit-dem-wand-system\/\" class=\"plain\">Ein L\u00e4cheln ohne Schmerzen: Die Zukunft der Zahnmedizin mit dem WAND-System<\/a>\n\t\t\t\t\t<\/h5>\n\t\t\t\t\t\t\t\t\t\t<div class=\"is-divider\"><\/div>\n\t\t\t\t\t\t\t\t\t\t<p class=\"from_the_blog_excerpt \">\n\t\t\t\t\t\tIn der Welt der Zahnmedizin gibt es eine Vielzahl von Innovationen, die dazu beitragen, die [...]\t\t\t\t\t<\/p>\n\t\t\t\t\t                    \n\t\t\t\t\t\n\t\t\t\t\t\n\t\t\t\t\t<\/div>\n\t\t\t\t\t<\/div>\n\t\t\t\t\t\t\t\t\t\t\t\t\t\t\t\t<div class=\"badge absolute top post-date badge-outline\">\n\t\t\t\t\t\t\t<div class=\"badge-inner\">\n\t\t\t\t\t\t\t\t<span class=\"post-date-day\">15<\/span><br>\n\t\t\t\t\t\t\t\t<span class=\"post-date-month is-xsmall\">Apr.<\/span>\n\t\t\t\t\t\t\t<\/div>\n\t\t\t\t\t\t<\/div>\n\t\t\t\t\t\t\t\t\t<\/div>\n\t\t\t<\/div>\n\t\t<\/div><div class=\"col post-item\" >\n\t\t\t<div class=\"col-inner\">\n\t\t\t\t<div class=\"box box-normal box-text-bottom box-blog-post has-hover\">\n            \t\t\t\t\t<div class=\"box-image\" >\n  \t\t\t\t\t\t<div class=\"image-cover\" style=\"padding-top:56.25%;\">\n\t\t\t\t\t\t\t<a href=\"https:\/\/www.g11-baden-baden.de\/zahnarzt-baden-baden\/sofortimplantate-sind-die-zukunft\/\" class=\"plain\" aria-label=\"Sofortimplantate sind die Zukunft!\">\n\t\t\t\t\t\t\t\t<img loading=\"lazy\" decoding=\"async\" width=\"600\" height=\"400\" src=\"https:\/\/www.g11-baden-baden.de\/wp-content\/uploads\/2022\/08\/Zahnarzt-Baden-Baden-Dr.Novica-Lozankovski-600x400.jpeg\" class=\"attachment-medium size-medium wp-post-image\" alt=\"Ihr Zahnarzt in Baden-Baden Dr. Novica Lozankovski -Implantologie, Prophylaxe, Zahnerhalt, Zahnersatz und vieles mehr\" srcset=\"https:\/\/www.g11-baden-baden.de\/wp-content\/uploads\/2022\/08\/Zahnarzt-Baden-Baden-Dr.Novica-Lozankovski-600x400.jpeg 600w, https:\/\/www.g11-baden-baden.de\/wp-content\/uploads\/2022\/08\/Zahnarzt-Baden-Baden-Dr.Novica-Lozankovski-1200x800.jpeg 1200w, https:\/\/www.g11-baden-baden.de\/wp-content\/uploads\/2022\/08\/Zahnarzt-Baden-Baden-Dr.Novica-Lozankovski-768x512.jpeg 768w, https:\/\/www.g11-baden-baden.de\/wp-content\/uploads\/2022\/08\/Zahnarzt-Baden-Baden-Dr.Novica-Lozankovski-1536x1024.jpeg 1536w, https:\/\/www.g11-baden-baden.de\/wp-content\/uploads\/2022\/08\/Zahnarzt-Baden-Baden-Dr.Novica-Lozankovski-2048x1365.jpeg 2048w\" sizes=\"auto, (max-width: 600px) 100vw, 600px\" \/>\t\t\t\t\t\t\t<\/a>\n  \t\t\t\t\t\t\t  \t\t\t\t\t\t\t  \t\t\t\t\t\t<\/div>\n  \t\t\t\t\t\t  \t\t\t\t\t<\/div>\n          \t\t\t\t\t<div class=\"box-text text-center\" >\n\t\t\t\t\t<div class=\"box-text-inner blog-post-inner\">\n\n\t\t\t\t\t\n\t\t\t\t\t\t\t\t\t\t<h5 class=\"post-title is-large \">\n\t\t\t\t\t\t<a href=\"https:\/\/www.g11-baden-baden.de\/zahnarzt-baden-baden\/sofortimplantate-sind-die-zukunft\/\" class=\"plain\">Sofortimplantate sind die Zukunft!<\/a>\n\t\t\t\t\t<\/h5>\n\t\t\t\t\t\t\t\t\t\t<div class=\"is-divider\"><\/div>\n\t\t\t\t\t\t\t\t\t\t<p class=\"from_the_blog_excerpt \">\n\t\t\t\t\t\tSofortimplantate sind eine relativ neue Technologie in der Zahnmedizin, die es erm\u00f6glicht, dass ein Zahnimplantat [...]\t\t\t\t\t<\/p>\n\t\t\t\t\t                    \n\t\t\t\t\t\n\t\t\t\t\t\n\t\t\t\t\t<\/div>\n\t\t\t\t\t<\/div>\n\t\t\t\t\t\t\t\t\t\t\t\t\t\t\t\t<div class=\"badge absolute top post-date badge-outline\">\n\t\t\t\t\t\t\t<div class=\"badge-inner\">\n\t\t\t\t\t\t\t\t<span class=\"post-date-day\">20<\/span><br>\n\t\t\t\t\t\t\t\t<span class=\"post-date-month is-xsmall\">M\u00e4rz<\/span>\n\t\t\t\t\t\t\t<\/div>\n\t\t\t\t\t\t<\/div>\n\t\t\t\t\t\t\t\t\t<\/div>\n\t\t\t<\/div>\n\t\t<\/div><div class=\"col post-item\" >\n\t\t\t<div class=\"col-inner\">\n\t\t\t\t<div class=\"box box-normal box-text-bottom box-blog-post has-hover\">\n            \t\t\t\t\t<div class=\"box-image\" >\n  \t\t\t\t\t\t<div class=\"image-cover\" style=\"padding-top:56.25%;\">\n\t\t\t\t\t\t\t<a href=\"https:\/\/www.g11-baden-baden.de\/zahnarzt-baden-baden\/1306-2\/\" class=\"plain\" aria-label=\"Welche Vorteile bieten Veneers?\">\n\t\t\t\t\t\t\t\t<img loading=\"lazy\" decoding=\"async\" width=\"267\" height=\"400\" src=\"https:\/\/www.g11-baden-baden.de\/wp-content\/uploads\/2022\/08\/l_acanal-lozankovski-400x600-1-267x400.jpg\" class=\"attachment-medium size-medium wp-post-image\" alt=\"Zahn\u00e4rztin in Baden-Baden: Dr. med. dent. Lale Acanal-Lozankovski\" srcset=\"https:\/\/www.g11-baden-baden.de\/wp-content\/uploads\/2022\/08\/l_acanal-lozankovski-400x600-1-267x400.jpg 267w, https:\/\/www.g11-baden-baden.de\/wp-content\/uploads\/2022\/08\/l_acanal-lozankovski-400x600-1.jpg 400w\" sizes=\"auto, (max-width: 267px) 100vw, 267px\" \/>\t\t\t\t\t\t\t<\/a>\n  \t\t\t\t\t\t\t  \t\t\t\t\t\t\t  \t\t\t\t\t\t<\/div>\n  \t\t\t\t\t\t  \t\t\t\t\t<\/div>\n          \t\t\t\t\t<div class=\"box-text text-center\" >\n\t\t\t\t\t<div class=\"box-text-inner blog-post-inner\">\n\n\t\t\t\t\t\n\t\t\t\t\t\t\t\t\t\t<h5 class=\"post-title is-large \">\n\t\t\t\t\t\t<a href=\"https:\/\/www.g11-baden-baden.de\/zahnarzt-baden-baden\/1306-2\/\" class=\"plain\">Welche Vorteile bieten Veneers?<\/a>\n\t\t\t\t\t<\/h5>\n\t\t\t\t\t\t\t\t\t\t<div class=\"is-divider\"><\/div>\n\t\t\t\t\t\t\t\t\t\t<p class=\"from_the_blog_excerpt \">\n\t\t\t\t\t\tVeneers sind hauchd\u00fcnne Keramikschalen, die auf die Vorderseite der Z\u00e4hne aufgeklebt werden, um deren Aussehen [...]\t\t\t\t\t<\/p>\n\t\t\t\t\t                    \n\t\t\t\t\t\n\t\t\t\t\t\n\t\t\t\t\t<\/div>\n\t\t\t\t\t<\/div>\n\t\t\t\t\t\t\t\t\t\t\t\t\t\t\t\t<div class=\"badge absolute top post-date badge-outline\">\n\t\t\t\t\t\t\t<div class=\"badge-inner\">\n\t\t\t\t\t\t\t\t<span class=\"post-date-day\">03<\/span><br>\n\t\t\t\t\t\t\t\t<span class=\"post-date-month is-xsmall\">M\u00e4rz<\/span>\n\t\t\t\t\t\t\t<\/div>\n\t\t\t\t\t\t<\/div>\n\t\t\t\t\t\t\t\t\t<\/div>\n\t\t\t<\/div>\n\t\t<\/div><div class=\"col post-item\" >\n\t\t\t<div class=\"col-inner\">\n\t\t\t\t<div class=\"box box-normal box-text-bottom box-blog-post has-hover\">\n            \t\t\t\t\t<div class=\"box-image\" >\n  \t\t\t\t\t\t<div class=\"image-cover\" style=\"padding-top:56.25%;\">\n\t\t\t\t\t\t\t<a href=\"https:\/\/www.g11-baden-baden.de\/zahnarzt-baden-baden\/implantate-eine-moderne-loesung-fuer-fehlende-zaehne\/\" class=\"plain\" aria-label=\"Implantate: Eine moderne L\u00f6sung f\u00fcr fehlende Z\u00e4hne\">\n\t\t\t\t\t\t\t\t<img loading=\"lazy\" decoding=\"async\" width=\"267\" height=\"400\" src=\"https:\/\/www.g11-baden-baden.de\/wp-content\/uploads\/2022\/08\/n_lozankovski-1-400x600-1-267x400.jpg\" class=\"attachment-medium size-medium wp-post-image\" alt=\"Zahnarzt in Baden-Baden: Facharzt f\u00fcr Oralchirurgie &amp; Spezialist f\u00fcr Implantate - Novica Lozankovski\" srcset=\"https:\/\/www.g11-baden-baden.de\/wp-content\/uploads\/2022\/08\/n_lozankovski-1-400x600-1-267x400.jpg 267w, https:\/\/www.g11-baden-baden.de\/wp-content\/uploads\/2022\/08\/n_lozankovski-1-400x600-1.jpg 400w\" sizes=\"auto, (max-width: 267px) 100vw, 267px\" \/>\t\t\t\t\t\t\t<\/a>\n  \t\t\t\t\t\t\t  \t\t\t\t\t\t\t  \t\t\t\t\t\t<\/div>\n  \t\t\t\t\t\t  \t\t\t\t\t<\/div>\n          \t\t\t\t\t<div class=\"box-text text-center\" >\n\t\t\t\t\t<div class=\"box-text-inner blog-post-inner\">\n\n\t\t\t\t\t\n\t\t\t\t\t\t\t\t\t\t<h5 class=\"post-title is-large \">\n\t\t\t\t\t\t<a href=\"https:\/\/www.g11-baden-baden.de\/zahnarzt-baden-baden\/implantate-eine-moderne-loesung-fuer-fehlende-zaehne\/\" class=\"plain\">Implantate: Eine moderne L\u00f6sung f\u00fcr fehlende Z\u00e4hne<\/a>\n\t\t\t\t\t<\/h5>\n\t\t\t\t\t\t\t\t\t\t<div class=\"is-divider\"><\/div>\n\t\t\t\t\t\t\t\t\t\t<p class=\"from_the_blog_excerpt \">\n\t\t\t\t\t\tFehlende Z\u00e4hne k\u00f6nnen sowohl kosmetisch als auch funktionell st\u00f6rend sein. Gl\u00fccklicherweise gibt es heute moderne [...]\t\t\t\t\t<\/p>\n\t\t\t\t\t                    \n\t\t\t\t\t\n\t\t\t\t\t\n\t\t\t\t\t<\/div>\n\t\t\t\t\t<\/div>\n\t\t\t\t\t\t\t\t\t\t\t\t\t\t\t\t<div class=\"badge absolute top post-date badge-outline\">\n\t\t\t\t\t\t\t<div class=\"badge-inner\">\n\t\t\t\t\t\t\t\t<span class=\"post-date-day\">23<\/span><br>\n\t\t\t\t\t\t\t\t<span class=\"post-date-month is-xsmall\">Jan.<\/span>\n\t\t\t\t\t\t\t<\/div>\n\t\t\t\t\t\t<\/div>\n\t\t\t\t\t\t\t\t\t<\/div>\n\t\t\t<\/div>\n\t\t<\/div><div class=\"col post-item\" >\n\t\t\t<div class=\"col-inner\">\n\t\t\t\t<div class=\"box box-normal box-text-bottom box-blog-post has-hover\">\n            \t\t\t\t\t<div class=\"box-image\" >\n  \t\t\t\t\t\t<div class=\"image-cover\" style=\"padding-top:56.25%;\">\n\t\t\t\t\t\t\t<a href=\"https:\/\/www.g11-baden-baden.de\/zahnarzt-baden-baden\/ihre-zahnaerzte-aus-baden-baden-setzen-auf-behandlungen-mit-veneers\/\" class=\"plain\" aria-label=\"Ihre Zahn\u00e4rzte aus Baden-Baden setzen auf Behandlungen mit Veneers\">\n\t\t\t\t\t\t\t\t<img loading=\"lazy\" decoding=\"async\" width=\"780\" height=\"400\" src=\"https:\/\/www.g11-baden-baden.de\/wp-content\/uploads\/2022\/08\/G11-Website-Hero-1950x1000-1-780x400.png\" class=\"attachment-medium size-medium wp-post-image\" alt=\"G11 - Ihre Zahn\u00e4rzte f\u00fcr Baden-Baden, Rastatt, Achern, Karlsruhe, Gaggenau, Gernsbach, Sinzheim, etc.\" srcset=\"https:\/\/www.g11-baden-baden.de\/wp-content\/uploads\/2022\/08\/G11-Website-Hero-1950x1000-1-780x400.png 780w, https:\/\/www.g11-baden-baden.de\/wp-content\/uploads\/2022\/08\/G11-Website-Hero-1950x1000-1-1400x718.png 1400w, https:\/\/www.g11-baden-baden.de\/wp-content\/uploads\/2022\/08\/G11-Website-Hero-1950x1000-1-768x394.png 768w, https:\/\/www.g11-baden-baden.de\/wp-content\/uploads\/2022\/08\/G11-Website-Hero-1950x1000-1-1536x788.png 1536w, https:\/\/www.g11-baden-baden.de\/wp-content\/uploads\/2022\/08\/G11-Website-Hero-1950x1000-1.png 1950w\" sizes=\"auto, (max-width: 780px) 100vw, 780px\" \/>\t\t\t\t\t\t\t<\/a>\n  \t\t\t\t\t\t\t  \t\t\t\t\t\t\t  \t\t\t\t\t\t<\/div>\n  \t\t\t\t\t\t  \t\t\t\t\t<\/div>\n          \t\t\t\t\t<div class=\"box-text text-center\" >\n\t\t\t\t\t<div class=\"box-text-inner blog-post-inner\">\n\n\t\t\t\t\t\n\t\t\t\t\t\t\t\t\t\t<h5 class=\"post-title is-large \">\n\t\t\t\t\t\t<a href=\"https:\/\/www.g11-baden-baden.de\/zahnarzt-baden-baden\/ihre-zahnaerzte-aus-baden-baden-setzen-auf-behandlungen-mit-veneers\/\" class=\"plain\">Ihre Zahn\u00e4rzte aus Baden-Baden setzen auf Behandlungen mit Veneers<\/a>\n\t\t\t\t\t<\/h5>\n\t\t\t\t\t\t\t\t\t\t<div class=\"is-divider\"><\/div>\n\t\t\t\t\t\t\t\t\t\t<p class=\"from_the_blog_excerpt \">\n\t\t\t\t\t\tBehandlungen mit hochwertigen Veneers in der Praxis G11 Zentrum f\u00fcr Zahn\u00e4sthetik und Implantologie in Baden-Baden [...]\t\t\t\t\t<\/p>\n\t\t\t\t\t                    \n\t\t\t\t\t\n\t\t\t\t\t\n\t\t\t\t\t<\/div>\n\t\t\t\t\t<\/div>\n\t\t\t\t\t\t\t\t\t\t\t\t\t\t\t\t<div class=\"badge absolute top post-date badge-outline\">\n\t\t\t\t\t\t\t<div class=\"badge-inner\">\n\t\t\t\t\t\t\t\t<span class=\"post-date-day\">12<\/span><br>\n\t\t\t\t\t\t\t\t<span class=\"post-date-month is-xsmall\">Apr.<\/span>\n\t\t\t\t\t\t\t<\/div>\n\t\t\t\t\t\t<\/div>\n\t\t\t\t\t\t\t\t\t<\/div>\n\t\t\t<\/div>\n\t\t<\/div><div class=\"col post-item\" >\n\t\t\t<div class=\"col-inner\">\n\t\t\t\t<div class=\"box box-normal box-text-bottom box-blog-post has-hover\">\n            \t\t\t\t\t<div class=\"box-image\" >\n  \t\t\t\t\t\t<div class=\"image-cover\" style=\"padding-top:56.25%;\">\n\t\t\t\t\t\t\t<a href=\"https:\/\/www.g11-baden-baden.de\/zahnarzt-baden-baden\/schone-zahne-mit-veneers-rastatt\/\" class=\"plain\" aria-label=\"Sch\u00f6ne Z\u00e4hne mit Veneers (Rastatt)\">\n\t\t\t\t\t\t\t\t<img loading=\"lazy\" decoding=\"async\" width=\"600\" height=\"400\" src=\"https:\/\/www.g11-baden-baden.de\/wp-content\/uploads\/2022\/08\/Zahnarzt-Baden-Baden-Dr-Lale-Acanal-Lozankovski-Analyse-vom-Gebiss-600x400.jpeg\" class=\"attachment-medium size-medium wp-post-image\" alt=\"Zahn\u00e4rztin Dr Lale Acanal-Lozankovski in Baden-Baden, Zahnarztpraxis G11\" srcset=\"https:\/\/www.g11-baden-baden.de\/wp-content\/uploads\/2022\/08\/Zahnarzt-Baden-Baden-Dr-Lale-Acanal-Lozankovski-Analyse-vom-Gebiss-600x400.jpeg 600w, https:\/\/www.g11-baden-baden.de\/wp-content\/uploads\/2022\/08\/Zahnarzt-Baden-Baden-Dr-Lale-Acanal-Lozankovski-Analyse-vom-Gebiss-1200x800.jpeg 1200w, https:\/\/www.g11-baden-baden.de\/wp-content\/uploads\/2022\/08\/Zahnarzt-Baden-Baden-Dr-Lale-Acanal-Lozankovski-Analyse-vom-Gebiss-768x512.jpeg 768w, https:\/\/www.g11-baden-baden.de\/wp-content\/uploads\/2022\/08\/Zahnarzt-Baden-Baden-Dr-Lale-Acanal-Lozankovski-Analyse-vom-Gebiss-1536x1024.jpeg 1536w, https:\/\/www.g11-baden-baden.de\/wp-content\/uploads\/2022\/08\/Zahnarzt-Baden-Baden-Dr-Lale-Acanal-Lozankovski-Analyse-vom-Gebiss-2048x1365.jpeg 2048w\" sizes=\"auto, (max-width: 600px) 100vw, 600px\" \/>\t\t\t\t\t\t\t<\/a>\n  \t\t\t\t\t\t\t  \t\t\t\t\t\t\t  \t\t\t\t\t\t<\/div>\n  \t\t\t\t\t\t  \t\t\t\t\t<\/div>\n          \t\t\t\t\t<div class=\"box-text text-center\" >\n\t\t\t\t\t<div class=\"box-text-inner blog-post-inner\">\n\n\t\t\t\t\t\n\t\t\t\t\t\t\t\t\t\t<h5 class=\"post-title is-large \">\n\t\t\t\t\t\t<a href=\"https:\/\/www.g11-baden-baden.de\/zahnarzt-baden-baden\/schone-zahne-mit-veneers-rastatt\/\" class=\"plain\">Sch\u00f6ne Z\u00e4hne mit Veneers (Rastatt)<\/a>\n\t\t\t\t\t<\/h5>\n\t\t\t\t\t\t\t\t\t\t<div class=\"is-divider\"><\/div>\n\t\t\t\t\t\t\t\t\t\t<p class=\"from_the_blog_excerpt \">\n\t\t\t\t\t\tDr. med. dent.\u00a0Lale Acanal-Lozankovski behandelt Patienten aus der Region Rastatt mit Veneers REGION RASTATT. Das [...]\t\t\t\t\t<\/p>\n\t\t\t\t\t                    \n\t\t\t\t\t\n\t\t\t\t\t\n\t\t\t\t\t<\/div>\n\t\t\t\t\t<\/div>\n\t\t\t\t\t\t\t\t\t\t\t\t\t\t\t\t<div class=\"badge absolute top post-date badge-outline\">\n\t\t\t\t\t\t\t<div class=\"badge-inner\">\n\t\t\t\t\t\t\t\t<span class=\"post-date-day\">12<\/span><br>\n\t\t\t\t\t\t\t\t<span class=\"post-date-month is-xsmall\">Apr.<\/span>\n\t\t\t\t\t\t\t<\/div>\n\t\t\t\t\t\t<\/div>\n\t\t\t\t\t\t\t\t\t<\/div>\n\t\t\t<\/div>\n\t\t<\/div><div class=\"col post-item\" >\n\t\t\t<div class=\"col-inner\">\n\t\t\t\t<div class=\"box box-normal box-text-bottom box-blog-post has-hover\">\n          \t\t\t\t\t<div class=\"box-text text-center\" >\n\t\t\t\t\t<div class=\"box-text-inner blog-post-inner\">\n\n\t\t\t\t\t\n\t\t\t\t\t\t\t\t\t\t<h5 class=\"post-title is-large \">\n\t\t\t\t\t\t<a href=\"https:\/\/www.g11-baden-baden.de\/zahnarzt-baden-baden\/warum-veneers-gut-fur-die-seele-sind\/\" class=\"plain\">Warum Veneers gut f\u00fcr die Seele sind<\/a>\n\t\t\t\t\t<\/h5>\n\t\t\t\t\t<div class=\"post-meta is-small op-8\">12. April 2018<\/div>\t\t\t\t\t<div class=\"is-divider\"><\/div>\n\t\t\t\t\t\t\t\t\t\t<p class=\"from_the_blog_excerpt \">\n\t\t\t\t\t\tSpezialistin f\u00fcr \u00e4sthetischen Zahnersatz in der Region Rastatt informiert RASTATT. Zufriedenheit ist gut f\u00fcr die [...]\t\t\t\t\t<\/p>\n\t\t\t\t\t                    \n\t\t\t\t\t\n\t\t\t\t\t\n\t\t\t\t\t<\/div>\n\t\t\t\t\t<\/div>\n\t\t\t\t\t\t\t\t\t<\/div>\n\t\t\t<\/div>\n\t\t<\/div><div class=\"col post-item\" >\n\t\t\t<div class=\"col-inner\">\n\t\t\t\t<div class=\"box box-normal box-text-bottom box-blog-post has-hover\">\n          \t\t\t\t\t<div class=\"box-text text-center\" >\n\t\t\t\t\t<div class=\"box-text-inner blog-post-inner\">\n\n\t\t\t\t\t\n\t\t\t\t\t\t\t\t\t\t<h5 class=\"post-title is-large \">\n\t\t\t\t\t\t<a href=\"https:\/\/www.g11-baden-baden.de\/zahnarzt-baden-baden\/veneers-fur-patienten-aus-rastatt\/\" class=\"plain\">Veneers f\u00fcr Patienten aus Rastatt<\/a>\n\t\t\t\t\t<\/h5>\n\t\t\t\t\t<div class=\"post-meta is-small op-8\">12. April 2018<\/div>\t\t\t\t\t<div class=\"is-divider\"><\/div>\n\t\t\t\t\t\t\t\t\t\t<p class=\"from_the_blog_excerpt \">\n\t\t\t\t\t\tZahn\u00e4rztin Dr. med. dent.\u00a0Lale Acanal-Lozankovski ist Expertin f\u00fcr \u00e4sthetischen Zahnersatz RASTATT. Erfolgreiche Stars und Sternchen [...]\t\t\t\t\t<\/p>\n\t\t\t\t\t                    \n\t\t\t\t\t\n\t\t\t\t\t\n\t\t\t\t\t<\/div>\n\t\t\t\t\t<\/div>\n\t\t\t\t\t\t\t\t\t<\/div>\n\t\t\t<\/div>\n\t\t<\/div><\/div>\n","protected":false},"excerpt":{"rendered":"","protected":false},"author":2,"featured_media":0,"parent":0,"menu_order":0,"comment_status":"closed","ping_status":"closed","template":"page-blank.php","meta":{"footnotes":""},"class_list":["post-234","page","type-page","status-publish","hentry"],"yoast_head":"<!-- This site is optimized with the Yoast SEO plugin v24.9 - https:\/\/yoast.com\/wordpress\/plugins\/seo\/ -->\n<title>Oralchirurgie - G11 Zahnmedizin<\/title>\n<meta name=\"robots\" content=\"index, follow, max-snippet:-1, max-image-preview:large, max-video-preview:-1\" \/>\n<link rel=\"canonical\" href=\"https:\/\/www.g11-baden-baden.de\/zahnarzt-baden-baden\/oralchirurgie\/\" \/>\n<meta property=\"og:locale\" content=\"de_DE\" \/>\n<meta property=\"og:type\" content=\"article\" \/>\n<meta property=\"og:title\" content=\"Oralchirurgie - G11 Zahnmedizin\" \/>\n<meta property=\"og:url\" content=\"https:\/\/www.g11-baden-baden.de\/zahnarzt-baden-baden\/oralchirurgie\/\" \/>\n<meta property=\"og:site_name\" content=\"G11 Zahnmedizin\" \/>\n<meta property=\"article:modified_time\" content=\"2022-09-06T16:03:35+00:00\" \/>\n<meta name=\"twitter:card\" content=\"summary_large_image\" \/>\n<meta name=\"twitter:label1\" content=\"Gesch\u00e4tzte Lesezeit\" \/>\n\t<meta name=\"twitter:data1\" content=\"6\u00a0Minuten\" \/>\n<!-- \/ Yoast SEO plugin. -->","yoast_head_json":{"title":"Oralchirurgie - G11 Zahnmedizin","robots":{"index":"index","follow":"follow","max-snippet":"max-snippet:-1","max-image-preview":"max-image-preview:large","max-video-preview":"max-video-preview:-1"},"canonical":"https:\/\/www.g11-baden-baden.de\/zahnarzt-baden-baden\/oralchirurgie\/","og_locale":"de_DE","og_type":"article","og_title":"Oralchirurgie - G11 Zahnmedizin","og_url":"https:\/\/www.g11-baden-baden.de\/zahnarzt-baden-baden\/oralchirurgie\/","og_site_name":"G11 Zahnmedizin","article_modified_time":"2022-09-06T16:03:35+00:00","twitter_card":"summary_large_image","twitter_misc":{"Gesch\u00e4tzte Lesezeit":"6\u00a0Minuten"},"schema":{"@context":"https:\/\/schema.org","@graph":[{"@type":"WebPage","@id":"https:\/\/www.g11-baden-baden.de\/zahnarzt-baden-baden\/oralchirurgie\/","url":"https:\/\/www.g11-baden-baden.de\/zahnarzt-baden-baden\/oralchirurgie\/","name":"Oralchirurgie - G11 Zahnmedizin","isPartOf":{"@id":"https:\/\/www.g11-baden-baden.de\/zahnarzt-baden-baden\/#website"},"datePublished":"2022-08-23T11:35:41+00:00","dateModified":"2022-09-06T16:03:35+00:00","breadcrumb":{"@id":"https:\/\/www.g11-baden-baden.de\/zahnarzt-baden-baden\/oralchirurgie\/#breadcrumb"},"inLanguage":"de","potentialAction":[{"@type":"ReadAction","target":["https:\/\/www.g11-baden-baden.de\/zahnarzt-baden-baden\/oralchirurgie\/"]}]},{"@type":"BreadcrumbList","@id":"https:\/\/www.g11-baden-baden.de\/zahnarzt-baden-baden\/oralchirurgie\/#breadcrumb","itemListElement":[{"@type":"ListItem","position":1,"name":"Startseite","item":"https:\/\/www.g11-baden-baden.de\/zahnarzt-baden-baden\/"},{"@type":"ListItem","position":2,"name":"Oralchirurgie"}]},{"@type":"WebSite","@id":"https:\/\/www.g11-baden-baden.de\/zahnarzt-baden-baden\/#website","url":"https:\/\/www.g11-baden-baden.de\/zahnarzt-baden-baden\/","name":"G11 Zahnmedizin","description":"Zahnarzt in Baden-Baden","potentialAction":[{"@type":"SearchAction","target":{"@type":"EntryPoint","urlTemplate":"https:\/\/www.g11-baden-baden.de\/zahnarzt-baden-baden\/?s={search_term_string}"},"query-input":{"@type":"PropertyValueSpecification","valueRequired":true,"valueName":"search_term_string"}}],"inLanguage":"de"}]}},"_links":{"self":[{"href":"https:\/\/www.g11-baden-baden.de\/zahnarzt-baden-baden\/wp-json\/wp\/v2\/pages\/234","targetHints":{"allow":["GET"]}}],"collection":[{"href":"https:\/\/www.g11-baden-baden.de\/zahnarzt-baden-baden\/wp-json\/wp\/v2\/pages"}],"about":[{"href":"https:\/\/www.g11-baden-baden.de\/zahnarzt-baden-baden\/wp-json\/wp\/v2\/types\/page"}],"author":[{"embeddable":true,"href":"https:\/\/www.g11-baden-baden.de\/zahnarzt-baden-baden\/wp-json\/wp\/v2\/users\/2"}],"replies":[{"embeddable":true,"href":"https:\/\/www.g11-baden-baden.de\/zahnarzt-baden-baden\/wp-json\/wp\/v2\/comments?post=234"}],"version-history":[{"count":0,"href":"https:\/\/www.g11-baden-baden.de\/zahnarzt-baden-baden\/wp-json\/wp\/v2\/pages\/234\/revisions"}],"wp:attachment":[{"href":"https:\/\/www.g11-baden-baden.de\/zahnarzt-baden-baden\/wp-json\/wp\/v2\/media?parent=234"}],"curies":[{"name":"wp","href":"https:\/\/api.w.org\/{rel}","templated":true}]}}